{"id":144,"date":"2016-04-02T15:04:50","date_gmt":"2016-04-02T14:04:50","guid":{"rendered":"http:\/\/www.chapelle-saintmichel-provence.fr\/archange\/?page_id=144"},"modified":"2019-08-27T15:41:50","modified_gmt":"2019-08-27T14:41:50","slug":"restauration-de-chapelle","status":"publish","type":"page","link":"https:\/\/www.chapelle-saintmichel-provence.fr\/archange\/restauration-de-chapelle\/","title":{"rendered":"Restauration de la fresque de la chapelle"},"content":{"rendered":"<p align=\"center\"><span style=\"color: #ff0000;\"><strong><span style=\"font-family: Calibri, serif;\"><span style=\"font-size: medium;\"><span style=\"font-size: xx-large;\">RAPPORT DE RESTAURATION<\/span><\/span><\/span><\/strong><\/span><\/p>\n<h3 align=\"center\"><strong><span style=\"color: #0000ff;\"><span style=\"font-family: Calibri, serif;\"><span style=\"font-size: medium;\"><span style=\"font-size: xx-large;\">Peinture murale<\/span><\/span><\/span><\/span><\/strong><\/h3>\n<h3 align=\"center\"><strong><span style=\"color: #0000ff;\"><span style=\"font-family: Calibri, serif;\"><span style=\"font-size: medium;\"><span style=\"font-size: xx-large;\">Abside de la chapelle St Michel<\/span><\/span><\/span><\/span><\/strong><\/h3>\n<h3 align=\"center\"><strong><span style=\"font-size: xx-large;\"><span style=\"color: #0000ff;\">Cabannes<\/span> <\/span><\/strong><\/h3>\n<p><img loading=\"lazy\" decoding=\"async\" class=\"aligncenter wp-image-143 size-full\" src=\"http:\/\/www.chapelle-saintmichel-provence.fr\/archange\/wp-content\/uploads\/IMG-287-c.jpg\" alt=\"IMG-287 c\" width=\"783\" height=\"522\" srcset=\"https:\/\/www.chapelle-saintmichel-provence.fr\/archange\/wp-content\/uploads\/IMG-287-c.jpg 783w, https:\/\/www.chapelle-saintmichel-provence.fr\/archange\/wp-content\/uploads\/IMG-287-c-300x200.jpg 300w\" sizes=\"auto, (max-width: 783px) 100vw, 783px\" \/><\/p>\n<p align=\"justify\"><span style=\"color: #000000;\"><span style=\"font-family: Calibri, serif;\"><span style=\"font-size: medium;\"><span style=\"font-size: large;\"><u><b>Quelques rep\u00e8res historiques<\/b><\/u><\/span><b> <\/b><span style=\"font-size: large;\">(<\/span><span style=\"font-size: small;\">tir\u00e9s des recherches de Mr Desachy) <\/span><\/span><\/span><\/span><\/p>\n<p align=\"justify\"><span style=\"color: #000000;\"><span style=\"font-family: Calibri, serif;\"><span style=\"font-size: medium;\"><span style=\"font-size: large;\">La chapelle St Michel de Cabannes est le plus ancien monument conserv\u00e9 sur la commune. Situ\u00e9e dans le cimeti\u00e8re du village, la construction de l\u2019abside et de la nef daterait de la seconde moiti\u00e9 du 11<\/span><span style=\"font-size: small;\">\u00e8me <\/span><span style=\"font-size: large;\">si\u00e8cle, pr\u00e9sentant les caract\u00e9ristiques de l\u2019architecture religieuse rurale romane de Provence. <\/span><\/span><\/span><\/span><\/p>\n<p align=\"justify\"><span style=\"color: #000000;\"><span style=\"font-family: Calibri, serif;\"><span style=\"font-size: medium;\"><span style=\"font-size: large;\">Tomb\u00e9e dans l\u2019oubli apr\u00e8s la construction de l\u2019\u00e9glise paroissiale au 13<\/span><span style=\"font-size: small;\">\u00e8me <\/span><span style=\"font-size: large;\">si\u00e8cle, la chapelle conna\u00eet une p\u00e9riode de renouveau au 17<\/span><span style=\"font-size: small;\">\u00e8me <\/span><span style=\"font-size: large;\">si\u00e8cle autour de la confr\u00e9rie des P\u00e9nitents Blancs. De gros travaux sont effectu\u00e9s sur la toiture ainsi que sur les ouvertures, puis au 18<\/span><span style=\"font-size: small;\">\u00e8me <\/span><span style=\"font-size: large;\">si\u00e8cle o\u00f9 la chapelle est agrandie c\u00f4t\u00e9 ouest. <\/span><\/span><\/span><\/span><\/p>\n<p align=\"justify\"><span style=\"font-size: large;\">La cr\u00e9ation du d\u00e9cor visible aujourd\u2019hui dans l\u2019abside pourrait s\u2019inscrire dans l\u2019une ou l\u2019autre campagne de travaux d\u00e9montrant ainsi la ferveur de la population pour de sa chapelle.<\/span><\/p>\n<p><span style=\"color: #000000;\"><span style=\"font-family: Calibri, serif;\"><span style=\"font-size: medium;\"><span style=\"font-size: large;\"><u><b>Description du d\u00e9cor : <\/b><\/u><\/span><\/span><\/span><\/span><\/p>\n<p align=\"justify\"><span style=\"font-size: large;\"><br \/>\nLe d\u00e9cor occupe toute la surface du cul de four, il est centr\u00e9 autour de la petite baie Est au-dessus de laquelle 2 angelots porte le globe terrestre surmont\u00e9 d\u2019une croix, symbole des P\u00e9nitents. De part et d\u2019autre, peints sur un fond ocre rouge, on peut voir Dieu le P\u00e8re \u00e0 droite, sur son tr\u00f4ne et J\u00e9sus portant sa croix \u00e0 gauche. Entre les deux, Le Saint Esprit est repr\u00e9sent\u00e9 par la colombe, au-dessus du globe. Six t\u00eates d\u2019anges compl\u00e8tent la composition, dispos\u00e9e de fa\u00e7on al\u00e9atoire.<img loading=\"lazy\" decoding=\"async\" class=\"aligncenter wp-image-139 size-large\" src=\"http:\/\/www.chapelle-saintmichel-provence.fr\/archange\/wp-content\/uploads\/IMG_0199-1024x768.jpg\" alt=\"IMG_0199\" width=\"604\" height=\"453\" srcset=\"https:\/\/www.chapelle-saintmichel-provence.fr\/archange\/wp-content\/uploads\/IMG_0199-1024x768.jpg 1024w, https:\/\/www.chapelle-saintmichel-provence.fr\/archange\/wp-content\/uploads\/IMG_0199-300x225.jpg 300w\" sizes=\"auto, (max-width: 604px) 100vw, 604px\" \/><\/span><\/p>\n<p><span style=\"color: #000000;\"><span style=\"font-family: Calibri, serif;\"><span style=\"font-size: medium;\"><span style=\"font-size: large;\"><u><b>Technique de peinture<\/b><\/u><\/span><span style=\"font-size: large;\"><b> : <\/b><\/span><\/span><\/span><\/span><\/p>\n<p><span style=\"color: #000000;\"><span style=\"font-family: Calibri, serif;\"><span style=\"font-size: medium;\"><span style=\"font-size: large;\">La peinture repose directement sur la pierre. Un fond rouge semble avoir \u00e9t\u00e9 pos\u00e9 sur toute la surface ; cette couche est sensible \u00e0 l\u2019eau. Par la suite, chaque personnage est peint \u00e0 l\u2019huile, on peut voir quelques emp\u00e2tements. <\/span><\/span><\/span><\/span><\/p>\n<p><span style=\"font-size: large;\">La gamme de pigments utilis\u00e9s est assez limit\u00e9e ; ce sont essentiellement des terres, terre d\u2019ombre naturelle et brul\u00e9e, terre de sienne naturelle et brul\u00e9e, terre verte, ocre rouge et ocre jaune, bleu outremer et noir.<\/span><\/p>\n<p><span style=\"color: #000000;\"><span style=\"font-family: Calibri, serif;\"><span style=\"font-size: medium;\"><span style=\"font-size: large;\"><u><b>Etat de conservation<\/b><\/u><\/span><span style=\"font-size: large;\"><b> : <\/b><\/span><\/span><\/span><\/span><\/p>\n<p><span style=\"font-size: large;\">Apr\u00e8s observation de la surface, on a relev\u00e9 des traces de couches peintes post\u00e9rieures au d\u00e9cor. Il semblerait que le d\u00e9cor ait \u00e9t\u00e9 recouvert d\u2019une peinture bleue avec dorures (ciel bleu \u00e9toil\u00e9 XIX\u00e8me ?), lui-m\u00eame recouvert d\u2019un badigeon de chaux. L\u2019usure de la couche picturale est-elle due \u00e0 sa mise \u00e0 jour ou \u00e9tait-elle d\u00e9j\u00e0 alt\u00e9r\u00e9e avant d\u2019\u00eatre recouverte&#8230; Le fait est que la lecture est confuse et le pigment pr\u00e9sente quelques faiblesses d\u2019adh\u00e9rence au support.<\/span><\/p>\n<p><img loading=\"lazy\" decoding=\"async\" class=\"aligncenter wp-image-138 size-large\" src=\"http:\/\/www.chapelle-saintmichel-provence.fr\/archange\/wp-content\/uploads\/IMG_0198-1024x768.jpg\" alt=\"IMG_0198\" width=\"604\" height=\"453\" srcset=\"https:\/\/www.chapelle-saintmichel-provence.fr\/archange\/wp-content\/uploads\/IMG_0198-1024x768.jpg 1024w, https:\/\/www.chapelle-saintmichel-provence.fr\/archange\/wp-content\/uploads\/IMG_0198-300x225.jpg 300w\" sizes=\"auto, (max-width: 604px) 100vw, 604px\" \/><img loading=\"lazy\" decoding=\"async\" class=\"aligncenter wp-image-140 size-large\" src=\"http:\/\/www.chapelle-saintmichel-provence.fr\/archange\/wp-content\/uploads\/IMG_0215-1024x768.jpg\" alt=\"IMG_0215\" width=\"604\" height=\"453\" srcset=\"https:\/\/www.chapelle-saintmichel-provence.fr\/archange\/wp-content\/uploads\/IMG_0215-1024x768.jpg 1024w, https:\/\/www.chapelle-saintmichel-provence.fr\/archange\/wp-content\/uploads\/IMG_0215-300x225.jpg 300w\" sizes=\"auto, (max-width: 604px) 100vw, 604px\" \/><\/p>\n<p><span style=\"color: #000000;\"><span style=\"font-family: Calibri, serif;\"><span style=\"font-size: medium;\"><span style=\"font-size: large;\">Concernant le support, on rel\u00e8ve un r\u00e9seau de fissures fines et peu profondes au sommet du cul de four et une qui descend dans l\u2019axe de l\u2019abside. <\/span><\/span><\/span><\/span><\/p>\n<p><span style=\"font-size: large;\">Ces fissures sont certainement dues au mouvement de l\u2019\u00e9difice et suivent parfois les joints de pierre.<\/span><\/p>\n<p><span style=\"color: #000000;\"><span style=\"font-family: Calibri, serif;\"><span style=\"font-size: medium;\"><span style=\"font-size: large;\"><u><b>Op\u00e9rations effectu\u00e9es<\/b><\/u><\/span><span style=\"font-size: large;\"><b> : <\/b><\/span><\/span><\/span><\/span><\/p>\n<p><span style=\"color: #000000;\"> <span style=\"font-family: Calibri, serif;\"><span style=\"font-size: medium;\"><span style=\"font-size: large;\">Refixage de la couche picturale au pinceau avec un adh\u00e9sif acrylique (ACRYL 33 \u00e0 8% dans l\u2019eau) \u00e0 travers un papier.<\/span><\/span><\/span><\/span><\/p>\n<p><span style=\"color: #000000;\"><span style=\"font-family: 'Times New Roman', serif;\"><span style=\"font-size: large;\">Bouchage des fissures avec un enduit fin (PLM S) <\/span><\/span><\/span><\/p>\n<p><span style=\"color: #000000;\"><span style=\"font-family: Calibri, serif;\"><span style=\"font-size: medium;\"><span style=\"font-size: large;\">Retouches couleur avec aquarelles Windsor et Newton. <\/span><\/span><\/span><\/span><\/p>\n<p align=\"justify\"><span style=\"font-size: large;\">Cette op\u00e9ration a comme but de redonner de la lecture au d\u00e9cor en retouchant uniquement les usures et petites lacunes avec la couleur locale. Il ne s\u2019agit pas de repeindre la sc\u00e8ne mais au contraire de lui conserver son authenticit\u00e9.<\/span><\/p>\n<p align=\"justify\"><img loading=\"lazy\" decoding=\"async\" class=\"aligncenter wp-image-143 size-full\" src=\"http:\/\/www.chapelle-saintmichel-provence.fr\/archange\/wp-content\/uploads\/IMG-287-c.jpg\" alt=\"IMG-287 c\" width=\"783\" height=\"522\" srcset=\"https:\/\/www.chapelle-saintmichel-provence.fr\/archange\/wp-content\/uploads\/IMG-287-c.jpg 783w, https:\/\/www.chapelle-saintmichel-provence.fr\/archange\/wp-content\/uploads\/IMG-287-c-300x200.jpg 300w\" sizes=\"auto, (max-width: 783px) 100vw, 783px\" \/><\/p>\n<p><span style=\"color: #000000;\"><span style=\"font-family: Calibri, serif;\"><span style=\"font-size: medium;\"><span style=\"font-size: large;\"><u><b>En conclusion <\/b><\/u><\/span><\/span><\/span><\/span><\/p>\n<p align=\"justify\"><span style=\"font-size: large;\">La peinture murale a re\u00e7u un traitement de \u00ab conservation \u00bb qui lui permettra de franchir encore quelques d\u00e9cennies. Malgr\u00e9 tout, rien n\u2019est acquit surtout quand on voit l\u2019\u00e9tat des parois int\u00e9rieures\u2026Sachant que la sant\u00e9 de la peinture est \u00e9troitement li\u00e9e \u00e0 celle des murs, il serait imp\u00e9ratif de traiter ces derniers et de retirer le rev\u00eatement de ciment qui les recouvre. Le d\u00e9cor de l\u2019abside devra \u00e0 ce moment-l\u00e0 faire l\u2019objet d\u2019une s\u00e9rieuse protection, sous forme de coffrage pour le mettre \u00e0 l\u2019abri de toute infiltration de poussi\u00e8re et d\u2019humidit\u00e9.<\/span><\/p>\n<p align=\"justify\"><img loading=\"lazy\" decoding=\"async\" class=\"aligncenter wp-image-142 size-large\" src=\"http:\/\/www.chapelle-saintmichel-provence.fr\/archange\/wp-content\/uploads\/IMG_0288-1024x1024.jpg\" alt=\"IMG_0288\" width=\"604\" height=\"604\" srcset=\"https:\/\/www.chapelle-saintmichel-provence.fr\/archange\/wp-content\/uploads\/IMG_0288-1024x1024.jpg 1024w, https:\/\/www.chapelle-saintmichel-provence.fr\/archange\/wp-content\/uploads\/IMG_0288-150x150.jpg 150w, https:\/\/www.chapelle-saintmichel-provence.fr\/archange\/wp-content\/uploads\/IMG_0288-300x300.jpg 300w\" sizes=\"auto, (max-width: 604px) 100vw, 604px\" \/><img loading=\"lazy\" decoding=\"async\" class=\"aligncenter wp-image-141 size-large\" src=\"http:\/\/www.chapelle-saintmichel-provence.fr\/archange\/wp-content\/uploads\/IMG_0273Photos-fin-de-restauration-4-1024x768.jpg\" alt=\"IMG_0273Photos fin de restauration (4)\" width=\"604\" height=\"453\" srcset=\"https:\/\/www.chapelle-saintmichel-provence.fr\/archange\/wp-content\/uploads\/IMG_0273Photos-fin-de-restauration-4-1024x768.jpg 1024w, https:\/\/www.chapelle-saintmichel-provence.fr\/archange\/wp-content\/uploads\/IMG_0273Photos-fin-de-restauration-4-300x225.jpg 300w\" sizes=\"auto, (max-width: 604px) 100vw, 604px\" \/><\/p>\n","protected":false},"excerpt":{"rendered":"<p>RAPPORT DE RESTAURATION Peinture murale Abside de la chapelle St Michel Cabannes Quelques rep\u00e8res historiques (tir\u00e9s des recherches de Mr Desachy) La chapelle St Michel de Cabannes est le plus ancien monument conserv\u00e9 sur la commune. Situ\u00e9e dans le cimeti\u00e8re du village, la construction de l\u2019abside et de la nef daterait de la seconde moiti\u00e9 &hellip; <a href=\"https:\/\/www.chapelle-saintmichel-provence.fr\/archange\/restauration-de-chapelle\/\" class=\"more-link\">Continuer la lecture de <span class=\"screen-reader-text\">Restauration de la fresque de la chapelle<\/span> <span class=\"meta-nav\">&rarr;<\/span><\/a><\/p>\n","protected":false},"author":1,"featured_media":0,"parent":0,"menu_order":0,"comment_status":"closed","ping_status":"closed","template":"","meta":{"footnotes":""},"class_list":["post-144","page","type-page","status-publish","hentry"],"yoast_head":"<!-- This site is optimized with the Yoast SEO plugin v27.4 - https:\/\/yoast.com\/product\/yoast-seo-wordpress\/ -->\n<title>Restauration de la fresque de la chapelle - Chapelle Saint-Michel \u00e0 Cabannes<\/title>\n<meta name=\"robots\" content=\"index, follow, max-snippet:-1, max-image-preview:large, max-video-preview:-1\" \/>\n<link rel=\"canonical\" href=\"https:\/\/www.chapelle-saintmichel-provence.fr\/archange\/restauration-de-chapelle\/\" \/>\n<meta property=\"og:locale\" content=\"fr_FR\" \/>\n<meta property=\"og:type\" content=\"article\" \/>\n<meta property=\"og:title\" content=\"Restauration de la fresque de la chapelle - Chapelle Saint-Michel \u00e0 Cabannes\" \/>\n<meta property=\"og:description\" content=\"RAPPORT DE RESTAURATION Peinture murale Abside de la chapelle St Michel Cabannes Quelques rep\u00e8res historiques (tir\u00e9s des recherches de Mr Desachy) La chapelle St Michel de Cabannes est le plus ancien monument conserv\u00e9 sur la commune. Situ\u00e9e dans le cimeti\u00e8re du village, la construction de l\u2019abside et de la nef daterait de la seconde moiti\u00e9 &hellip; Continuer la lecture de Restauration de la fresque de la chapelle &rarr;\" \/>\n<meta property=\"og:url\" content=\"https:\/\/www.chapelle-saintmichel-provence.fr\/archange\/restauration-de-chapelle\/\" \/>\n<meta property=\"og:site_name\" content=\"Chapelle Saint-Michel \u00e0 Cabannes\" \/>\n<meta property=\"article:modified_time\" content=\"2019-08-27T14:41:50+00:00\" \/>\n<meta property=\"og:image\" content=\"http:\/\/www.chapelle-saintmichel-provence.fr\/archange\/wp-content\/uploads\/IMG-287-c.jpg\" \/>\n<meta name=\"twitter:card\" content=\"summary_large_image\" \/>\n<meta name=\"twitter:label1\" content=\"Dur\u00e9e de lecture estim\u00e9e\" \/>\n\t<meta name=\"twitter:data1\" content=\"3 minutes\" \/>\n<script type=\"application\/ld+json\" class=\"yoast-schema-graph\">{\"@context\":\"https:\\\/\\\/schema.org\",\"@graph\":[{\"@type\":\"WebPage\",\"@id\":\"https:\\\/\\\/www.chapelle-saintmichel-provence.fr\\\/archange\\\/restauration-de-chapelle\\\/\",\"url\":\"https:\\\/\\\/www.chapelle-saintmichel-provence.fr\\\/archange\\\/restauration-de-chapelle\\\/\",\"name\":\"Restauration de la fresque de la chapelle - Chapelle Saint-Michel \u00e0 Cabannes\",\"isPartOf\":{\"@id\":\"https:\\\/\\\/www.chapelle-saintmichel-provence.fr\\\/archange\\\/#website\"},\"primaryImageOfPage\":{\"@id\":\"https:\\\/\\\/www.chapelle-saintmichel-provence.fr\\\/archange\\\/restauration-de-chapelle\\\/#primaryimage\"},\"image\":{\"@id\":\"https:\\\/\\\/www.chapelle-saintmichel-provence.fr\\\/archange\\\/restauration-de-chapelle\\\/#primaryimage\"},\"thumbnailUrl\":\"http:\\\/\\\/www.chapelle-saintmichel-provence.fr\\\/archange\\\/wp-content\\\/uploads\\\/IMG-287-c.jpg\",\"datePublished\":\"2016-04-02T14:04:50+00:00\",\"dateModified\":\"2019-08-27T14:41:50+00:00\",\"breadcrumb\":{\"@id\":\"https:\\\/\\\/www.chapelle-saintmichel-provence.fr\\\/archange\\\/restauration-de-chapelle\\\/#breadcrumb\"},\"inLanguage\":\"fr-FR\",\"potentialAction\":[{\"@type\":\"ReadAction\",\"target\":[\"https:\\\/\\\/www.chapelle-saintmichel-provence.fr\\\/archange\\\/restauration-de-chapelle\\\/\"]}]},{\"@type\":\"ImageObject\",\"inLanguage\":\"fr-FR\",\"@id\":\"https:\\\/\\\/www.chapelle-saintmichel-provence.fr\\\/archange\\\/restauration-de-chapelle\\\/#primaryimage\",\"url\":\"https:\\\/\\\/www.chapelle-saintmichel-provence.fr\\\/archange\\\/wp-content\\\/uploads\\\/IMG-287-c.jpg\",\"contentUrl\":\"https:\\\/\\\/www.chapelle-saintmichel-provence.fr\\\/archange\\\/wp-content\\\/uploads\\\/IMG-287-c.jpg\",\"width\":783,\"height\":522},{\"@type\":\"BreadcrumbList\",\"@id\":\"https:\\\/\\\/www.chapelle-saintmichel-provence.fr\\\/archange\\\/restauration-de-chapelle\\\/#breadcrumb\",\"itemListElement\":[{\"@type\":\"ListItem\",\"position\":1,\"name\":\"Accueil\",\"item\":\"https:\\\/\\\/www.chapelle-saintmichel-provence.fr\\\/archange\\\/\"},{\"@type\":\"ListItem\",\"position\":2,\"name\":\"Restauration de la fresque de la chapelle\"}]},{\"@type\":\"WebSite\",\"@id\":\"https:\\\/\\\/www.chapelle-saintmichel-provence.fr\\\/archange\\\/#website\",\"url\":\"https:\\\/\\\/www.chapelle-saintmichel-provence.fr\\\/archange\\\/\",\"name\":\"Chapelle Saint-Michel \u00e0 Cabannes\",\"description\":\"Association Les amis de Saint Michel\",\"potentialAction\":[{\"@type\":\"SearchAction\",\"target\":{\"@type\":\"EntryPoint\",\"urlTemplate\":\"https:\\\/\\\/www.chapelle-saintmichel-provence.fr\\\/archange\\\/?s={search_term_string}\"},\"query-input\":{\"@type\":\"PropertyValueSpecification\",\"valueRequired\":true,\"valueName\":\"search_term_string\"}}],\"inLanguage\":\"fr-FR\"}]}<\/script>\n<!-- \/ Yoast SEO plugin. -->","yoast_head_json":{"title":"Restauration de la fresque de la chapelle - Chapelle Saint-Michel \u00e0 Cabannes","robots":{"index":"index","follow":"follow","max-snippet":"max-snippet:-1","max-image-preview":"max-image-preview:large","max-video-preview":"max-video-preview:-1"},"canonical":"https:\/\/www.chapelle-saintmichel-provence.fr\/archange\/restauration-de-chapelle\/","og_locale":"fr_FR","og_type":"article","og_title":"Restauration de la fresque de la chapelle - Chapelle Saint-Michel \u00e0 Cabannes","og_description":"RAPPORT DE RESTAURATION Peinture murale Abside de la chapelle St Michel Cabannes Quelques rep\u00e8res historiques (tir\u00e9s des recherches de Mr Desachy) La chapelle St Michel de Cabannes est le plus ancien monument conserv\u00e9 sur la commune. Situ\u00e9e dans le cimeti\u00e8re du village, la construction de l\u2019abside et de la nef daterait de la seconde moiti\u00e9 &hellip; Continuer la lecture de Restauration de la fresque de la chapelle &rarr;","og_url":"https:\/\/www.chapelle-saintmichel-provence.fr\/archange\/restauration-de-chapelle\/","og_site_name":"Chapelle Saint-Michel \u00e0 Cabannes","article_modified_time":"2019-08-27T14:41:50+00:00","og_image":[{"url":"http:\/\/www.chapelle-saintmichel-provence.fr\/archange\/wp-content\/uploads\/IMG-287-c.jpg","type":"","width":"","height":""}],"twitter_card":"summary_large_image","twitter_misc":{"Dur\u00e9e de lecture estim\u00e9e":"3 minutes"},"schema":{"@context":"https:\/\/schema.org","@graph":[{"@type":"WebPage","@id":"https:\/\/www.chapelle-saintmichel-provence.fr\/archange\/restauration-de-chapelle\/","url":"https:\/\/www.chapelle-saintmichel-provence.fr\/archange\/restauration-de-chapelle\/","name":"Restauration de la fresque de la chapelle - Chapelle Saint-Michel \u00e0 Cabannes","isPartOf":{"@id":"https:\/\/www.chapelle-saintmichel-provence.fr\/archange\/#website"},"primaryImageOfPage":{"@id":"https:\/\/www.chapelle-saintmichel-provence.fr\/archange\/restauration-de-chapelle\/#primaryimage"},"image":{"@id":"https:\/\/www.chapelle-saintmichel-provence.fr\/archange\/restauration-de-chapelle\/#primaryimage"},"thumbnailUrl":"http:\/\/www.chapelle-saintmichel-provence.fr\/archange\/wp-content\/uploads\/IMG-287-c.jpg","datePublished":"2016-04-02T14:04:50+00:00","dateModified":"2019-08-27T14:41:50+00:00","breadcrumb":{"@id":"https:\/\/www.chapelle-saintmichel-provence.fr\/archange\/restauration-de-chapelle\/#breadcrumb"},"inLanguage":"fr-FR","potentialAction":[{"@type":"ReadAction","target":["https:\/\/www.chapelle-saintmichel-provence.fr\/archange\/restauration-de-chapelle\/"]}]},{"@type":"ImageObject","inLanguage":"fr-FR","@id":"https:\/\/www.chapelle-saintmichel-provence.fr\/archange\/restauration-de-chapelle\/#primaryimage","url":"https:\/\/www.chapelle-saintmichel-provence.fr\/archange\/wp-content\/uploads\/IMG-287-c.jpg","contentUrl":"https:\/\/www.chapelle-saintmichel-provence.fr\/archange\/wp-content\/uploads\/IMG-287-c.jpg","width":783,"height":522},{"@type":"BreadcrumbList","@id":"https:\/\/www.chapelle-saintmichel-provence.fr\/archange\/restauration-de-chapelle\/#breadcrumb","itemListElement":[{"@type":"ListItem","position":1,"name":"Accueil","item":"https:\/\/www.chapelle-saintmichel-provence.fr\/archange\/"},{"@type":"ListItem","position":2,"name":"Restauration de la fresque de la chapelle"}]},{"@type":"WebSite","@id":"https:\/\/www.chapelle-saintmichel-provence.fr\/archange\/#website","url":"https:\/\/www.chapelle-saintmichel-provence.fr\/archange\/","name":"Chapelle Saint-Michel \u00e0 Cabannes","description":"Association Les amis de Saint Michel","potentialAction":[{"@type":"SearchAction","target":{"@type":"EntryPoint","urlTemplate":"https:\/\/www.chapelle-saintmichel-provence.fr\/archange\/?s={search_term_string}"},"query-input":{"@type":"PropertyValueSpecification","valueRequired":true,"valueName":"search_term_string"}}],"inLanguage":"fr-FR"}]}},"_links":{"self":[{"href":"https:\/\/www.chapelle-saintmichel-provence.fr\/archange\/wp-json\/wp\/v2\/pages\/144","targetHints":{"allow":["GET"]}}],"collection":[{"href":"https:\/\/www.chapelle-saintmichel-provence.fr\/archange\/wp-json\/wp\/v2\/pages"}],"about":[{"href":"https:\/\/www.chapelle-saintmichel-provence.fr\/archange\/wp-json\/wp\/v2\/types\/page"}],"author":[{"embeddable":true,"href":"https:\/\/www.chapelle-saintmichel-provence.fr\/archange\/wp-json\/wp\/v2\/users\/1"}],"replies":[{"embeddable":true,"href":"https:\/\/www.chapelle-saintmichel-provence.fr\/archange\/wp-json\/wp\/v2\/comments?post=144"}],"version-history":[{"count":6,"href":"https:\/\/www.chapelle-saintmichel-provence.fr\/archange\/wp-json\/wp\/v2\/pages\/144\/revisions"}],"predecessor-version":[{"id":434,"href":"https:\/\/www.chapelle-saintmichel-provence.fr\/archange\/wp-json\/wp\/v2\/pages\/144\/revisions\/434"}],"wp:attachment":[{"href":"https:\/\/www.chapelle-saintmichel-provence.fr\/archange\/wp-json\/wp\/v2\/media?parent=144"}],"curies":[{"name":"wp","href":"https:\/\/api.w.org\/{rel}","templated":true}]}}